{"id":3,"date":"2018-11-20T21:58:56","date_gmt":"2018-11-20T21:58:56","guid":{"rendered":"http:\/\/oficinavirtual.tech\/?page_id=3"},"modified":"2019-03-12T10:57:17","modified_gmt":"2019-03-12T10:57:17","slug":"politica-privacidad","status":"publish","type":"page","link":"https:\/\/oficinavirtual.tech\/index.php\/politica-privacidad\/","title":{"rendered":"Pol\u00edtica de privacidad"},"content":{"rendered":"<p>[et_pb_section bb_built=&#8221;1&#8243;][et_pb_row][et_pb_column type=&#8221;4_4&#8243;][et_pb_text _builder_version=&#8221;3.17.6&#8243;]<\/p>\n<p>Respetando lo establecido en la legislaci\u00f3n vigente, OficinaVirtual.Tech se compromete a adoptar las medidas t\u00e9cnicas y organizativas necesarias, seg\u00fan el nivel de seguridad adecuado al riesgo de los datos recogidos.<\/p>\n<p><strong>Empecemos por el principio, <span style=\"color: #30b6a4;\">\u00bfqu\u00e9 es un dato de car\u00e1cter personal?<\/span><\/strong><\/p>\n<p>Pues no es m\u00e1s que \u201ctoda informaci\u00f3n sobre una persona F\u00cdSICA identificada o identificable.\u201d Esta persona ser\u00e1 denominada \u201cinteresado\u201d.<\/p>\n<p>Aquella informaci\u00f3n que no guarda relaci\u00f3n con una persona f\u00edsica identificada o identificable, se considera informaci\u00f3n an\u00f3nima excluida del \u00e1mbito de aplicaci\u00f3n del RGPD. No es aplicable a las personas jur\u00eddicas.<\/p>\n<p><span style=\"color: #30b6a4;\">\u00bfQu\u00e9 es eso de identificable?<\/span><\/p>\n<p>La identificaci\u00f3n de una persona a los efectos de protecci\u00f3n de datos se realiza cuando puede determinarse la identidad directa o indirectamente a trav\u00e9s de elementos propios de la identidad f\u00edsica, fisiol\u00f3gica, ps\u00edquica, econ\u00f3mica y cultural o social a los cueles a\u00f1ade el elemento gen\u00e9tico o, por indicadores como por ejemplo el nombre, un n\u00famero de identificaci\u00f3n, datos de localizaci\u00f3n o un identificador en l\u00ednea.<\/p>\n<p>Para determinar si una persona f\u00edsica es identificable, deben tenerse en cuenta todos los medios, como la singularizaci\u00f3n, que razonablemente pueda utilizar el responsable del tratamiento o cualquier otra persona para identificar directa o indirectamente a la persona f\u00edsica. Para determinar si existe una probabilidad razonable de que se utilicen medios para identificar a una persona f\u00edsica, deben tenerse en cuenta todos los factores objetivos, como los costes y el tiempo necesarios para la identificaci\u00f3n, teniendo en cuenta tanto la tecnolog\u00eda disponible en el momento del tratamiento como los avances tecnol\u00f3gicos.<\/p>\n<p>Por lo tanto, los principios de protecci\u00f3n de datos no deben aplicarse a la informaci\u00f3n an\u00f3nima, es decir informaci\u00f3n que no guarda relaci\u00f3n con una persona f\u00edsica identificada o identificable, ni a los datos convertidos en an\u00f3nimos de forma que el interesado no sea identificable, o deje de serlo. En consecuencia, el presente Reglamento no afecta al tratamiento de dicha informaci\u00f3n an\u00f3nima, inclusive con fines estad\u00edsticos o de investigaci\u00f3n.<\/p>\n<p><strong>Ahora, qu\u00e9 leyes incorpora esta pol\u00edtica de privacidad<\/strong><\/p>\n<p>Esta pol\u00edtica de privacidad est\u00e1 adaptada a la normativa espa\u00f1ola y europea vigente en materia de protecci\u00f3n de datos personales en Internet. En concreto, la misma respeta las siguientes normas:<\/p>\n<ul>\n<li>Reglamento (UE) 2016\/679 del Parlamento Europeo y del Consejo, de 27 de abril de 2016, relativo a la protecci\u00f3n de las personas f\u00edsicas en lo que respecta al tratamiento de datos personales y a la libre circulaci\u00f3n de estos datos (RGPD).<\/li>\n<li>Real Decreto-ley 5\/2018, de 27 de julio, de medidas urgentes de adaptaci\u00f3n del Derecho espa\u00f1ol a la normativa de la Uni\u00f3n Europea en materia de protecci\u00f3n de datos.<\/li>\n<li>Ley Org\u00e1nica 15\/1999, de 13 de diciembre, de Protecci\u00f3n de Datos de Car\u00e1cter Personal (LOPD).<\/li>\n<li>Real Decreto 1720\/2007, de 21 de diciembre, por el que se aprueba el Reglamento de desarrollo de la Ley Org\u00e1nica 15\/1999, de 13 de diciembre, de Protecci\u00f3n de Datos de Car\u00e1cter Personal (RDLOPD).<\/li>\n<li>Ley 34\/2002, de 11 de julio, de Servicios de la Sociedad de la Informaci\u00f3n y de Comercio electr\u00f3nico (LSSI-CE).<\/li>\n<\/ul>\n<p><span style=\"color: #30b6a4;\"><strong>\u00bfCu\u00e1les son los principios relativos al tratamiento de los datos personales?<\/strong><\/span><\/p>\n<p>Seg\u00fan recoge el art\u00edculo 5 de la Regulaci\u00f3n europea GDPR 016\/679, los principios relativos al tratamiento de los datos personales, ser\u00e1n:<\/p>\n<ol>\n<li><em>tratados de manera\u00a0<strong>l\u00edcita, leal y transparente<\/strong>\u00a0en relaci\u00f3n con el interesado (\u201c<strong>licitud, lealtad y transparencia<\/strong>\u201c);<\/em><\/li>\n<li><em>recogidos con\u00a0<strong>fines determinados, expl\u00edcitos y leg\u00edtimos<\/strong>, y no ser\u00e1n tratados ulteriormente de manera incompatible con dichos fines; de acuerdo con el art\u00edculo 89, apartado 1\u00a0(Investigaci\u00f3n Cient\u00edfica, estad\u00edstica), el tratamiento ulterior de los datos personales con fines de archivo en inter\u00e9s p\u00fablico, fines de investigaci\u00f3n cient\u00edfica e hist\u00f3rica o fines estad\u00edsticos no se considerar\u00e1 incompatible con los fines iniciales (\u201c<strong>limitaci\u00f3n de la finalidad<\/strong>\u201c);<\/em><\/li>\n<li><strong><em>adecuados, pertinentes y limitados<\/em><\/strong><em>\u00a0a lo necesario en relaci\u00f3n con los fines para los que son tratados (\u201c<strong>minimizaci\u00f3n de datos<\/strong>\u201c);<\/em><\/li>\n<li><strong><em>exactos<\/em><\/strong><em>\u00a0y, si fuera necesario<strong>, actualizados<\/strong>; se adoptar\u00e1n todas las medidas razonables para que se supriman o rectifiquen sin dilaci\u00f3n los datos personales que sean inexactos con respecto a los fines para los que se tratan (\u201c<strong>exactitud<\/strong>\u201c);<\/em><\/li>\n<li><strong><em>mantenidos<\/em><\/strong><em>\u00a0de forma que se permita la identificaci\u00f3n de los interesados\u00a0<strong>durante no m\u00e1s tiempo del necesario para los fines del tratamiento de los datos personales<\/strong>; los datos personales podr\u00e1n conservarse durante per\u00edodos m\u00e1s largos siempre que se traten exclusivamente con fines de archivo en inter\u00e9s p\u00fablico, fines de investigaci\u00f3n cient\u00edfica o hist\u00f3rica o fines estad\u00edsticos, de conformidad con el art\u00edculo 89\u00a0(Investigaci\u00f3n Cient\u00edfica, estad\u00edstica), apartado 1, sin perjuicio de la aplicaci\u00f3n de las medidas t\u00e9cnicas y organizativas apropiadas que impone el presente Reglamento a fin de proteger los derechos y libertades del interesado (\u201c<strong>limitaci\u00f3n del plazo de conservaci\u00f3n<\/strong>\u201c);<\/em><\/li>\n<li><em>tratados de tal manera que\u00a0<strong>se garantice una seguridad adecuada de los datos personales<\/strong>, incluida la protecci\u00f3n contra el tratamiento no autorizado o il\u00edcito y contra su p\u00e9rdida, destrucci\u00f3n o da\u00f1o accidental, mediante la aplicaci\u00f3n de medidas t\u00e9cnicas u organizativas apropiadas (\u201c<strong>integridad y confidencialidad<\/strong>\u201c).<\/em><\/li>\n<\/ol>\n<p><span style=\"color: #30b6a4;\"><strong>\u00bfQu\u00e9 derechos tiene el interesado?<\/strong><\/span><\/p>\n<p>El RGPD regula en el Cap\u00edtulo III los derechos del interesado en materia de protecci\u00f3n de datos, los cuales quedan descritos en los art\u00edculos 15 a 20 principalmente. A los tradicionales derechos denominados com\u00fanmente como ARCO se incorporan el derecho a la portabilidad del dato y el derecho a la limitaci\u00f3n en el tratamiento.<\/p>\n<p>De manera resumida, podemos explicarlos como:<\/p>\n<ul>\n<li>Derecho de acceso: aquel derecho del interesado a obtener informaci\u00f3n de si OficinaVirtual.Tech est\u00e1 tratando o no sus datos de car\u00e1cter personal y, en caso afirmativo, obtener informaci\u00f3n sobre sus datos concretos de car\u00e1cter personal y del tratamiento que se hayan realizado o realice, as\u00ed como, entre otra, de la informaci\u00f3n disponible sobre el origen de dichos datos y los destinatarios de las comunicaciones realizadas o previstas a realizar de los mismos.<\/li>\n<li>Derecho de rectificaci\u00f3n: es el derecho del interesado a que se modifiquen sus datos personales que resulten inexactos o, teniendo en cuenta los fines del tratamiento, incompletos.<\/li>\n<li>Derecho de cancelaci\u00f3n o supresi\u00f3n: es aquel derecho del interesado, siempre que la legislaci\u00f3n vigente no establezca lo contrario, a obtener la supresi\u00f3n de sus datos personales cuando esos ya no sean necesarios para los fines para los cuales fueron recogidos o tratados, o el interesado haya retirado su consentimiento al tratamiento y este no cuente con otra base legal, o el interesado se oponga al tratamiento y no exista otro motivo leg\u00edtimo para continuar con el mismo.<\/li>\n<li>Derecho de oposici\u00f3n: es de derecho del interesado a que no se lleve a cabo el tratamiento o se cese el tratamiento de los datos de car\u00e1cter personal por parte de OficinaVirtual.Tech.<\/li>\n<li>Derecho a la portabilidad del dato: en el supuesto de que el tratamiento se efect\u00fae por medios automatizados, el interesado tendr\u00e1 derecho a recibir del responsable del tratamiento sus datos personales en un formato estructurado, de uso com\u00fan y lectura mec\u00e1nica, y a transmitirlos a otro responsable del tratamiento.<\/li>\n<li>Derecho a la limitaci\u00f3n del tratamiento: derecho a limitar, por parte del interesado, el tratamiento de sus datos personales. Tiene derecho a obtener la limitaci\u00f3n del tratamiento cuando impugne la exactitud de sus datos personales, el tratamiento sea il\u00edcito, el responsable del tratamiento ya no necesite los datos personales, pero el interesado los necesite para hacer reclamaciones y cuando el interesado se haya opuesto previamente al tratamiento.<\/li>\n<\/ul>\n<p><strong>Muy bien, ya los conoces, y ahora dir\u00e1s que, para <span style=\"color: #30b6a4;\">ejercer estos derechos<\/span>, \u00bfqu\u00e9 hago?<\/strong><\/p>\n<p>Pues muy sencillo, podr\u00e1s ejercer estos derechos mediante una comunicaci\u00f3n escrita dirigida al Responsable del tratamiento de los datos personales con referencia\u201dRGPD-OficinaVirtual.Tech\u201d a la direcci\u00f3n postal del responsable del tratamiento o al correo electr\u00f3nico<span style=\"color: #30b6a4;\"> <a style=\"color: #30b6a4;\" href=\"mailto:rgpd@oficinavirtual.tech\">rgpd@oficinavirtual.tech<\/a><\/span><\/p>\n<p>En dicha comunicaci\u00f3n escrita debes especificar tu nombre, apellidos y adjuntar una copia del DNI (o documento identificativo v\u00e1lido en la UE que acredite la identidad), tambi\u00e9n la petici\u00f3n con los motivos espec\u00edficos de la solicitud o informaci\u00f3n a la que se quiere acceder; el domicilio a efectos de comunicaciones, la fecha y la firma del solicitante y todo documento que acredite la petici\u00f3n que se realiza.<\/p>\n<p>Estos derechos ser\u00e1n atendidos en el plazo de un mes (salvo que la complejidad o el n\u00famero de solicitudes sea muy amplio, que ser\u00e1 ampliable a dos meses), todo ello sin perjuicio de conservar ciertos datos en los t\u00e9rminos legales y hasta que prescriban las posibles responsabilidades derivadas de un posible tratamiento o relaci\u00f3n contractual (en su caso).<\/p>\n<p><strong>Y <span style=\"color: #30b6a4;\">\u00bfqui\u00e9n es el responsable del tratamiento de los datos personales?<\/span><\/strong><\/p>\n<p>El responsable del tratamiento de los datos personales recogidos en OficinaVirtual.Tech es Fernando Carrera Correa, con NIF: 08.858.658-R (en adelante, Responsable del Tratamiento).<\/p>\n<p>Sus datos de contacto son los siguientes:<\/p>\n<p>Direcci\u00f3n: Apartado de Correos 1021 &#8211; 28222 Majadahonda<\/p>\n<p>Tel\u00e9fono de contacto: 810 101 588<\/p>\n<p>Email de contacto: <span style=\"color: #30b6a4;\"><a style=\"color: #30b6a4;\" href=\"mailto:rgpd@oficinavirtual.tech\">rgpd@oficinavirtual.tech<\/a><\/span><\/p>\n<p><span style=\"color: #30b6a4;\"><strong>\u00bfCon qu\u00e9 finalidad recoge mis datos OficinaVirtual.Tech?<\/strong><\/span><\/p>\n<p>Pues la finalidad del tratamiento de los datos personales que podamos recopilar es para usarlos para la gesti\u00f3n de la relaci\u00f3n con el interesado, poderte ofrecer productos y servicios de acuerdo con tus intereses, mejorar tu experiencia de usuario y, en su caso, para el tratamiento de tus solicitudes, peticiones o pedidos. Se podr\u00e1 elaborar un perfil comercial sobre la base de la informaci\u00f3n que facilites<\/p>\n<p><span style=\"color: #30b6a4;\"><strong>\u00bfQu\u00e9 nos legitima para hacerlo?<\/strong><\/span><\/p>\n<p>La base jur\u00eddica para el tratamiento de tus datos que nos legitima a realizarlo es el consentimiento libre, espec\u00edfico, informado e inequ\u00edvoco, en tanto que te informamos poniendo a tu disposici\u00f3n la presente pol\u00edtica de privacidad que, tras la lectura de la misma, en caso de estar conforme, puedes aceptar mediante una declaraci\u00f3n o una clara acci\u00f3n afirmativa (como el click en la casilla habilitada al efecto).<\/p>\n<p>Los datos son recabados mediante los formularios incluidos por nuestras p\u00e1ginas y cumplimentados de manera voluntaria por el interesado.<\/p>\n<p><span style=\"color: #30b6a4;\"><strong>\u00bfQui\u00e9nes son los destinatarios de mis datos personales?<\/strong><\/span><\/p>\n<p>Tus datos son confidenciales y no los transferimos ni comunicamos a terceras partes, salvo que por obligaci\u00f3n legal nos obliguen a entregarlos.<\/p>\n<p>Alguna aclaraci\u00f3n m\u00e1s:<\/p>\n<p><span style=\"color: #30b6a4;\"><strong>\u00bfCu\u00e1nto tiempo conserv\u00e1is mis datos personales?<\/strong><\/span><\/p>\n<p>Los datos personales proporcionados se conservar\u00e1n durante el tiempo necesario para cumplir con la finalidad para la que se recaban y para determinar las posibles responsabilidades que se pudieran derivar de la finalidad, adem\u00e1s de los per\u00edodos establecidos en la normativa de archivos y documentaci\u00f3n.<\/p>\n<p><strong>Por cierto, y t\u00fa pensar\u00e1s <span style=\"color: #30b6a4;\">\u00bfqu\u00e9 medidas son esas que hab\u00e9is aplicado para la seguridad de los datos? <\/span><\/strong><\/p>\n<p>Pues la principal medida t\u00e9cnica que hemos aplicado es la instalaci\u00f3n de un certificado SSL (Secure Socket Layer) que asegura que los datos personales se transmiten de forma segura y confidencial, al ser toda la transmisi\u00f3n de datos cifrada y encriptada. (Si no sabes si otra web que visitas lo tiene, mira el candadito de la barra de navegaci\u00f3n o si la direcci\u00f3n de la URL comienza por httpS)<\/p>\n<p><strong>Y, despu\u00e9s de todo esto,<span style=\"color: #30b6a4;\"> si quiero reclamar \u00bfd\u00f3nde voy?<\/span><\/strong><\/p>\n<p>Pues si consideras, como interesado, que existe un problema o infracci\u00f3n de la normativa vigente en la forma en la que estamos tratando tus datos personales, tienes derecho a la tutela judicial efectiva y a presentar una reclamaci\u00f3n ante la autoridad de control, es decir, ante la Agencia Espa\u00f1ola de Protecci\u00f3n de Datos, sita en la Calle Jorge Juan n\u00ba 6, 28001 de Madrid.<\/p>\n<p>\u00a0<\/p>\n<p>Muchas gracias por leer la presente pol\u00edtica, \u00a1has hecho que el trabajo merezca la pena!<\/p>\n<p>Esta pol\u00edtica est\u00e1 denominada como DP-18-002.0 dentro de nuestra empresa y se ha finalizado de redactar el 28 de noviembre de 2018. Nos reservamos el derecho a realizar cambios a esta pol\u00edtica, sobre todo motivado por cambios legislativos, jurisprudenciales o doctrinales de la AEPD.<\/p>\n<h3>\u00a0<\/h3>\n<p>[\/et_pb_text][\/et_pb_column][\/et_pb_row][\/et_pb_section]<\/p>\n","protected":false},"excerpt":{"rendered":"<p>[et_pb_section bb_built=&#8221;1&#8243;][et_pb_row][et_pb_column type=&#8221;4_4&#8243;][et_pb_text _builder_version=&#8221;3.17.6&#8243;] Respetando lo establecido en la legislaci\u00f3n vigente, OficinaVirtual.Tech se compromete a adoptar las medidas t\u00e9cnicas y organizativas necesarias, seg\u00fan el nivel de seguridad adecuado al riesgo de los datos recogidos. Empecemos por el principio, \u00bfqu\u00e9 es un dato de car\u00e1cter personal? Pues no es m\u00e1s que \u201ctoda informaci\u00f3n sobre una persona [&hellip;]<\/p>\n","protected":false},"author":1,"featured_media":0,"parent":0,"menu_order":0,"comment_status":"closed","ping_status":"open","template":"","meta":{"_et_pb_use_builder":"on","_et_pb_old_content":"<p>Respetando lo establecido en la legislaci\u00f3n vigente, OficinaVirtual.Tech se compromete a adoptar las medidas t\u00e9cnicas y organizativas necesarias, seg\u00fan el nivel de seguridad adecuado al riesgo de los datos recogidos.<\/p><p><strong>Empecemos por el principio, \u00bfqu\u00e9 es un dato de car\u00e1cter personal?<\/strong><\/p><p>Pues no es m\u00e1s que \u201ctoda informaci\u00f3n sobre una persona F\u00cdSICA identificada o identificable.\u201d Esta persona ser\u00e1 denominada \u201cinteresado\u201d.<\/p><p>Aquella informaci\u00f3n que no guarda relaci\u00f3n con una persona f\u00edsica identificada o identificable, se considera informaci\u00f3n an\u00f3nima excluida del \u00e1mbito de aplicaci\u00f3n del RGPD. No es aplicable a las personas jur\u00eddicas.<\/p><p>\u00bfQu\u00e9 es eso de identificable?<\/p><p>La identificaci\u00f3n de una persona a los efectos de protecci\u00f3n de datos se realiza cuando puede determinarse la identidad directa o indirectamente a trav\u00e9s de elementos propios de la identidad f\u00edsica, fisiol\u00f3gica, ps\u00edquica, econ\u00f3mica y cultural o social a los cueles a\u00f1ade el elemento gen\u00e9tico o, por indicadores como por ejemplo el nombre, un n\u00famero de identificaci\u00f3n, datos de localizaci\u00f3n o un identificador en l\u00ednea.<\/p><p>Para determinar si una persona f\u00edsica es identificable, deben tenerse en cuenta todos los medios, como la singularizaci\u00f3n, que razonablemente pueda utilizar el responsable del tratamiento o cualquier otra persona para identificar directa o indirectamente a la persona f\u00edsica. Para determinar si existe una probabilidad razonable de que se utilicen medios para identificar a una persona f\u00edsica, deben tenerse en cuenta todos los factores objetivos, como los costes y el tiempo necesarios para la identificaci\u00f3n, teniendo en cuenta tanto la tecnolog\u00eda disponible en el momento del tratamiento como los avances tecnol\u00f3gicos.<\/p><p>Por lo tanto, los principios de protecci\u00f3n de datos no deben aplicarse a la informaci\u00f3n an\u00f3nima, es decir informaci\u00f3n que no guarda relaci\u00f3n con una persona f\u00edsica identificada o identificable, ni a los datos convertidos en an\u00f3nimos de forma que el interesado no sea identificable, o deje de serlo. En consecuencia, el presente Reglamento no afecta al tratamiento de dicha informaci\u00f3n an\u00f3nima, inclusive con fines estad\u00edsticos o de investigaci\u00f3n.<\/p><p><strong>Ahora, qu\u00e9 leyes incorpora esta pol\u00edtica de privacidad<\/strong><\/p><p>Esta pol\u00edtica de privacidad est\u00e1 adaptada a la normativa espa\u00f1ola y europea vigente en materia de protecci\u00f3n de datos personales en Internet. En concreto, la misma respeta las siguientes normas:<\/p><ul><li>Reglamento (UE) 2016\/679 del Parlamento Europeo y del Consejo, de 27 de abril de 2016, relativo a la protecci\u00f3n de las personas f\u00edsicas en lo que respecta al tratamiento de datos personales y a la libre circulaci\u00f3n de estos datos (RGPD).<\/li><li>Real Decreto-ley 5\/2018, de 27 de julio, de medidas urgentes de adaptaci\u00f3n del Derecho espa\u00f1ol a la normativa de la Uni\u00f3n Europea en materia de protecci\u00f3n de datos.<\/li><li>Ley Org\u00e1nica 15\/1999, de 13 de diciembre, de Protecci\u00f3n de Datos de Car\u00e1cter Personal (LOPD).<\/li><li>Real Decreto 1720\/2007, de 21 de diciembre, por el que se aprueba el Reglamento de desarrollo de la Ley Org\u00e1nica 15\/1999, de 13 de diciembre, de Protecci\u00f3n de Datos de Car\u00e1cter Personal (RDLOPD).<\/li><li>Ley 34\/2002, de 11 de julio, de Servicios de la Sociedad de la Informaci\u00f3n y de Comercio electr\u00f3nico (LSSI-CE).<\/li><\/ul><p><strong>\u00bfCu\u00e1les son los principios relativos al tratamiento de los datos personales?<\/strong><\/p><p>Seg\u00fan recoge el art\u00edculo 5 de la Regulaci\u00f3n europea GDPR 016\/679, los principios relativos al tratamiento de los datos personales, ser\u00e1n:<\/p><ol><li><em>tratados de manera\u00a0<strong>l\u00edcita, leal y transparente<\/strong>\u00a0en relaci\u00f3n con el interesado (\u201c<strong>licitud, lealtad y transparencia<\/strong>\u201c);<\/em><\/li><li><em>recogidos con\u00a0<strong>fines determinados, expl\u00edcitos y leg\u00edtimos<\/strong>, y no ser\u00e1n tratados ulteriormente de manera incompatible con dichos fines; de acuerdo con el art\u00edculo 89, apartado 1\u00a0(Investigaci\u00f3n Cient\u00edfica, estad\u00edstica), el tratamiento ulterior de los datos personales con fines de archivo en inter\u00e9s p\u00fablico, fines de investigaci\u00f3n cient\u00edfica e hist\u00f3rica o fines estad\u00edsticos no se considerar\u00e1 incompatible con los fines iniciales (\u201c<strong>limitaci\u00f3n de la finalidad<\/strong>\u201c);<\/em><\/li><li><strong><em>adecuados, pertinentes y limitados<\/em><\/strong><em>\u00a0a lo necesario en relaci\u00f3n con los fines para los que son tratados (\u201c<strong>minimizaci\u00f3n de datos<\/strong>\u201c);<\/em><\/li><li><strong><em>exactos<\/em><\/strong><em>\u00a0y, si fuera necesario<strong>, actualizados<\/strong>; se adoptar\u00e1n todas las medidas razonables para que se supriman o rectifiquen sin dilaci\u00f3n los datos personales que sean inexactos con respecto a los fines para los que se tratan (\u201c<strong>exactitud<\/strong>\u201c);<\/em><\/li><li><strong><em>mantenidos<\/em><\/strong><em>\u00a0de forma que se permita la identificaci\u00f3n de los interesados\u00a0<strong>durante no m\u00e1s tiempo del necesario para los fines del tratamiento de los datos personales<\/strong>; los datos personales podr\u00e1n conservarse durante per\u00edodos m\u00e1s largos siempre que se traten exclusivamente con fines de archivo en inter\u00e9s p\u00fablico, fines de investigaci\u00f3n cient\u00edfica o hist\u00f3rica o fines estad\u00edsticos, de conformidad con el art\u00edculo 89\u00a0(Investigaci\u00f3n Cient\u00edfica, estad\u00edstica), apartado 1, sin perjuicio de la aplicaci\u00f3n de las medidas t\u00e9cnicas y organizativas apropiadas que impone el presente Reglamento a fin de proteger los derechos y libertades del interesado (\u201c<strong>limitaci\u00f3n del plazo de conservaci\u00f3n<\/strong>\u201c);<\/em><\/li><li><em>tratados de tal manera que\u00a0<strong>se garantice una seguridad adecuada de los datos personales<\/strong>, incluida la protecci\u00f3n contra el tratamiento no autorizado o il\u00edcito y contra su p\u00e9rdida, destrucci\u00f3n o da\u00f1o accidental, mediante la aplicaci\u00f3n de medidas t\u00e9cnicas u organizativas apropiadas (\u201c<strong>integridad y confidencialidad<\/strong>\u201c).<\/em><\/li><\/ol><p><strong>\u00bfQu\u00e9 derechos tiene el interesado?<\/strong><\/p><p>El RGPD regula en el Cap\u00edtulo III los derechos del interesado en materia de protecci\u00f3n de datos, los cuales quedan descritos en los art\u00edculos 15 a 20 principalmente. A los tradicionales derechos denominados com\u00fanmente como ARCO se incorporan el derecho a la portabilidad del dato y el derecho a la limitaci\u00f3n en el tratamiento.<\/p><p>De manera resumida, podemos explicarlos como:<\/p><ul><li>Derecho de acceso: aquel derecho del interesado a obtener informaci\u00f3n de si OficinaVirtual.Tech est\u00e1 tratando o no sus datos de car\u00e1cter personal y, en caso afirmativo, obtener informaci\u00f3n sobre sus datos concretos de car\u00e1cter personal y del tratamiento que se hayan realizado o realice, as\u00ed como, entre otra, de la informaci\u00f3n disponible sobre el origen de dichos datos y los destinatarios de las comunicaciones realizadas o previstas a realizar de los mismos.<\/li><li>Derecho de rectificaci\u00f3n: es el derecho del interesado a que se modifiquen sus datos personales que resulten inexactos o, teniendo en cuenta los fines del tratamiento, incompletos.<\/li><li>Derecho de cancelaci\u00f3n o supresi\u00f3n: es aquel derecho del interesado, siempre que la legislaci\u00f3n vigente no establezca lo contrario, a obtener la supresi\u00f3n de sus datos personales cuando esos ya no sean necesarios para los fines para los cuales fueron recogidos o tratados, o el interesado haya retirado su consentimiento al tratamiento y este no cuente con otra base legal, o el interesado se oponga al tratamiento y no exista otro motivo leg\u00edtimo para continuar con el mismo.<\/li><li>Derecho de oposici\u00f3n: es de derecho del interesado a que no se lleve a cabo el tratamiento o se cese el tratamiento de los datos de car\u00e1cter personal por parte de OficinaVirtual.Tech.<\/li><li>Derecho a la portabilidad del dato: en el supuesto de que el tratamiento se efect\u00fae por medios automatizados, el interesado tendr\u00e1 derecho a recibir del responsable del tratamiento sus datos personales en un formato estructurado, de uso com\u00fan y lectura mec\u00e1nica, y a transmitirlos a otro responsable del tratamiento.<\/li><li>Derecho a la limitaci\u00f3n del tratamiento: derecho a limitar, por parte del interesado, el tratamiento de sus datos personales. Tiene derecho a obtener la limitaci\u00f3n del tratamiento cuando impugne la exactitud de sus datos personales, el tratamiento sea il\u00edcito, el responsable del tratamiento ya no necesite los datos personales, pero el interesado los necesite para hacer reclamaciones y cuando el interesado se haya opuesto previamente al tratamiento.<\/li><\/ul><p><strong>Muy bien, ya los conoces, y ahora dir\u00e1s que, para ejercer estos derechos, \u00bfqu\u00e9 hago?<\/strong><\/p><p>Pues muy sencillo, podr\u00e1s ejercer estos derechos mediante una comunicaci\u00f3n escrita dirigida al Responsable del tratamiento de los datos personales con referencia\u201dRGPD-OficinaVirtual.Tech\u201d a la direcci\u00f3n postal del responsable del tratamiento o al correo electr\u00f3nico <a href=\"mailto:rgpd@oficinavirtual.tec\">rgpd@oficinavirtual.tec<\/a><\/p><p>En dicha comunicaci\u00f3n escrita debes especificar tu nombre, apellidos y adjuntar una copia del DNI (o documento identificativo v\u00e1lido en la UE que acredite la identidad), tambi\u00e9n la petici\u00f3n con los motivos espec\u00edficos de la solicitud o informaci\u00f3n a la que se quiere acceder; el domicilio a efectos de comunicaciones, la fecha y la firma del solicitante y todo documento que acredite la petici\u00f3n que se realiza.<\/p><p>Estos derechos ser\u00e1n atendidos en el plazo de un mes (salvo que la complejidad o el n\u00famero de solicitudes sea muy amplio, que ser\u00e1 ampliable a dos meses), todo ello sin perjuicio de conservar ciertos datos en los t\u00e9rminos legales y hasta que prescriban las posibles responsabilidades derivadas de un posible tratamiento o relaci\u00f3n contractual (en su caso).<\/p><p><strong>Y \u00bfqui\u00e9n es el responsable del tratamiento de los datos personales?<\/strong><\/p><p>El responsable del tratamiento de los datos personales recogidos en OficinaVirtual.Tech es Fernando Carrera Correa, con NIF: 08.858.658-R (en adelante, Responsable del Tratamiento).<\/p><p>Sus datos de contacto son los siguientes:<\/p><p>Direcci\u00f3n: Apartado de Correos 1021 - 28222 Majadahonda<\/p><p>Tel\u00e9fono de contacto: 911 964 075<\/p><p>Email de contacto: <a href=\"mailto:rgpd@oficinavirtual.tech\">rgpd@oficinavirtual.tech<\/a><\/p><p><strong>\u00bfCon qu\u00e9 finalidad recoge mis datos OficinaVirtual.Tech?<\/strong><\/p><p>Pues la finalidad del tratamiento de los datos personales que podamos recopilar es para usarlos para la gesti\u00f3n de la relaci\u00f3n con el interesado, poderte ofrecer productos y servicios de acuerdo con tus intereses, mejorar tu experiencia de usuario y, en su caso, para el tratamiento de tus solicitudes, peticiones o pedidos. Se podr\u00e1 elaborar un perfil comercial sobre la base de la informaci\u00f3n que facilites<\/p><p><strong>\u00bfQu\u00e9 nos legitima para hacerlo?<\/strong><\/p><p>La base jur\u00eddica para el tratamiento de tus datos que nos legitima a realizarlo es el consentimiento libre, espec\u00edfico, informado e inequ\u00edvoco, en tanto que te informamos poniendo a tu disposici\u00f3n la presente pol\u00edtica de privacidad que, tras la lectura de la misma, en caso de estar conforme, puedes aceptar mediante una declaraci\u00f3n o una clara acci\u00f3n afirmativa (como el click en la casilla habilitada al efecto).<\/p><p>Los datos son recabados mediante los formularios incluidos por nuestras p\u00e1ginas y cumplimentados de manera voluntaria por el interesado.<\/p><p><strong>\u00bfQui\u00e9nes son los destinatarios de mis datos personales?<\/strong><\/p><p>Tus datos son confidenciales y no los transferimos ni comunicamos a terceras partes, salvo que por obligaci\u00f3n legal nos obliguen a entregarlos.<\/p><p>Alguna aclaraci\u00f3n m\u00e1s:<\/p><p><strong>\u00bfCu\u00e1nto tiempo conserv\u00e1is mis datos personales?<\/strong><\/p><p>Los datos personales proporcionados se conservar\u00e1n durante el tiempo necesario para cumplir con la finalidad para la que se recaban y para determinar las posibles responsabilidades que se pudieran derivar de la finalidad, adem\u00e1s de los per\u00edodos establecidos en la normativa de archivos y documentaci\u00f3n.<\/p><p><strong>Por cierto, y t\u00fa pensar\u00e1s \u00bfqu\u00e9 medidas son esas que hab\u00e9is aplicado para la seguridad de los datos? <\/strong><\/p><p>Pues la principal medida t\u00e9cnica que hemos aplicado es la instalaci\u00f3n de un certificado SSL (Secure Socket Layer) que asegura que los datos personales se transmiten de forma segura y confidencial, al ser toda la transmisi\u00f3n de datos cifrada y encriptada. (Si no sabes si otra web que visitas lo tiene, mira el candadito de la barra de navegaci\u00f3n o si la direcci\u00f3n de la URL comienza por httpS)<\/p><p><strong>Y, despu\u00e9s de todo esto, si quiero reclamar \u00bfd\u00f3nde voy?<\/strong><\/p><p>Pues si consideras, como interesado, que existe un problema o infracci\u00f3n de la normativa vigente en la forma en la que estamos tratando tus datos personales, tienes derecho a la tutela judicial efectiva y a presentar una reclamaci\u00f3n ante la autoridad de control, es decir, ante la Agencia Espa\u00f1ola de Protecci\u00f3n de Datos, sita en la Calle Jorge Juan n\u00ba 6, 28001 de Madrid.<\/p><p>\u00a0<\/p><p>Muchas gracias por leer la presente pol\u00edtica, \u00a1has hecho que el trabajo merezca la pena!<\/p><p>Esta pol\u00edtica est\u00e1 denominada como DP-18-002.0 dentro de nuestra empresa y se ha finalizado de redactar el 28 de noviembre de 2018. Nos reservamos el derecho a realizar cambios a esta pol\u00edtica, sobre todo motivado por cambios legislativos, jurisprudenciales o doctrinales de la AEPD.<\/p><h3>\u00a0<\/h3>","footnotes":""},"_links":{"self":[{"href":"https:\/\/oficinavirtual.tech\/index.php\/wp-json\/wp\/v2\/pages\/3"}],"collection":[{"href":"https:\/\/oficinavirtual.tech\/index.php\/wp-json\/wp\/v2\/pages"}],"about":[{"href":"https:\/\/oficinavirtual.tech\/index.php\/wp-json\/wp\/v2\/types\/page"}],"author":[{"embeddable":true,"href":"https:\/\/oficinavirtual.tech\/index.php\/wp-json\/wp\/v2\/users\/1"}],"replies":[{"embeddable":true,"href":"https:\/\/oficinavirtual.tech\/index.php\/wp-json\/wp\/v2\/comments?post=3"}],"version-history":[{"count":0,"href":"https:\/\/oficinavirtual.tech\/index.php\/wp-json\/wp\/v2\/pages\/3\/revisions"}],"wp:attachment":[{"href":"https:\/\/oficinavirtual.tech\/index.php\/wp-json\/wp\/v2\/media?parent=3"}],"curies":[{"name":"wp","href":"https:\/\/api.w.org\/{rel}","templated":true}]}}